{"id":657,"date":"2021-10-24T17:28:15","date_gmt":"2021-10-24T15:28:15","guid":{"rendered":"https:\/\/singout.brussels\/?page_id=657"},"modified":"2025-11-11T11:35:30","modified_gmt":"2025-11-11T10:35:30","slug":"qui-sommes-nous","status":"publish","type":"page","link":"https:\/\/singout.brussels\/fr\/qui-sommes-nous\/","title":{"rendered":"Qui sommes-nous"},"content":{"rendered":"\n<div class=\"wp-block-group alignfull has-white-color has-text-color has-background\" style=\"background-color:#781794\"><div class=\"wp-block-group__inner-container is-layout-flow wp-block-group-is-layout-flow\">\n<h1 class=\"has-text-align-center wp-block-heading\">QUI SOMMES-NOUS<\/h1>\n\n\n\n<h3 class=\"has-text-align-center wp-block-heading\">En nous r\u00e9unissant autour du chant et du spectacle, nous cherchons \u00e0 \u00e9mouvoir, \u00e0 cr\u00e9er une communaut\u00e9 et \u00e0 contribuer \u00e0 changer la soci\u00e9t\u00e9.<\/h3>\n\n\n\n<p class=\"has-text-align-center\"><a href=\"https:\/\/singout.brussels\/wp-content\/uploads\/2023\/01\/Sing_Out_Strategic_Plan_2022-2023.pdf\" target=\"_blank\" rel=\"noreferrer noopener\">D\u00e9couvrez notre plan strat\u00e9gique 2022-2026 (r\u00e9sum\u00e9) <\/a><\/p>\n\n\n\n<figure class=\"wp-block-embed is-type-video is-provider-youtube wp-block-embed-youtube wp-embed-aspect-16-9 wp-has-aspect-ratio\"><div class=\"wp-block-embed__wrapper\">\n<iframe loading=\"lazy\" title=\"Sing Out : une chorale inclusive o\u00f9 on se sent compris\/comprise\" width=\"1000\" height=\"563\" src=\"https:\/\/www.youtube.com\/embed\/T3ujuoNjHqo?feature=oembed\" frameborder=\"0\" allow=\"accelerometer; autoplay; clipboard-write; encrypted-media; gyroscope; picture-in-picture; web-share\" referrerpolicy=\"strict-origin-when-cross-origin\" allowfullscreen><\/iframe>\n<\/div><figcaption class=\"wp-element-caption\">Notre projet vu par la RTBF (Ao\u00fbt 2023)<\/figcaption><\/figure>\n\n\n\n<div class=\"wp-block-media-text alignwide is-stacked-on-mobile is-style-default\" style=\"grid-template-columns:49% auto\"><figure class=\"wp-block-media-text__media\"><img loading=\"lazy\" decoding=\"async\" width=\"1024\" height=\"683\" src=\"https:\/\/singout.brussels\/wp-content\/uploads\/2025\/05\/TBK_3101-1024x683.jpg\" alt=\"\" class=\"wp-image-6558 size-full\" srcset=\"https:\/\/singout.brussels\/wp-content\/uploads\/2025\/05\/TBK_3101-1024x683.jpg 1024w, https:\/\/singout.brussels\/wp-content\/uploads\/2025\/05\/TBK_3101-300x200.jpg 300w, https:\/\/singout.brussels\/wp-content\/uploads\/2025\/05\/TBK_3101-768x512.jpg 768w, https:\/\/singout.brussels\/wp-content\/uploads\/2025\/05\/TBK_3101-1536x1024.jpg 1536w, https:\/\/singout.brussels\/wp-content\/uploads\/2025\/05\/TBK_3101-1568x1045.jpg 1568w, https:\/\/singout.brussels\/wp-content\/uploads\/2025\/05\/TBK_3101.jpg 1920w\" sizes=\"auto, (max-width: 1024px) 100vw, 1024px\" \/><\/figure><div class=\"wp-block-media-text__content\">\n<h3 class=\"wp-block-heading\"><strong><strong>La musique justifie notre pr\u00e9sence et nous fait vibrer!<\/strong><\/strong><\/h3>\n\n\n\n<p>Nous misons sur la qualit\u00e9 que nous exprimons par la recherche d\u2019une grande musicalit\u00e9. Nous sommes passionn\u00e9.es!<\/p>\n<\/div><\/div>\n\n\n\n<div class=\"wp-block-media-text alignwide has-media-on-the-right is-stacked-on-mobile is-style-default\"><div class=\"wp-block-media-text__content\">\n<h3 class=\"wp-block-heading\"><strong><strong>Nous aimons ce que nous faisons (terriblement!)<\/strong><\/strong><\/h3>\n\n\n\n<p>Nous partageons un m\u00eame plaisir \u00e0 faire et \u00e0 \u00eatre ensemble. Nous aimons rire (et ce n\u2019est pas une blague!). <\/p>\n<\/div><figure class=\"wp-block-media-text__media\"><img loading=\"lazy\" decoding=\"async\" width=\"1024\" height=\"683\" src=\"https:\/\/singout.brussels\/wp-content\/uploads\/2025\/05\/TBK_3128-1024x683.jpg\" alt=\"\" class=\"wp-image-6561 size-full\" srcset=\"https:\/\/singout.brussels\/wp-content\/uploads\/2025\/05\/TBK_3128-1024x683.jpg 1024w, https:\/\/singout.brussels\/wp-content\/uploads\/2025\/05\/TBK_3128-300x200.jpg 300w, https:\/\/singout.brussels\/wp-content\/uploads\/2025\/05\/TBK_3128-768x512.jpg 768w, https:\/\/singout.brussels\/wp-content\/uploads\/2025\/05\/TBK_3128-1536x1024.jpg 1536w, https:\/\/singout.brussels\/wp-content\/uploads\/2025\/05\/TBK_3128-1568x1045.jpg 1568w, https:\/\/singout.brussels\/wp-content\/uploads\/2025\/05\/TBK_3128.jpg 1920w\" sizes=\"auto, (max-width: 1024px) 100vw, 1024px\" \/><\/figure><\/div>\n\n\n\n<div class=\"wp-block-media-text alignwide is-stacked-on-mobile is-style-default\"><figure class=\"wp-block-media-text__media\"><img loading=\"lazy\" decoding=\"async\" width=\"1024\" height=\"768\" src=\"https:\/\/singout.brussels\/wp-content\/uploads\/2025\/05\/IMG_0497-1024x768.jpg\" alt=\"\" class=\"wp-image-6576 size-full\" srcset=\"https:\/\/singout.brussels\/wp-content\/uploads\/2025\/05\/IMG_0497-1024x768.jpg 1024w, https:\/\/singout.brussels\/wp-content\/uploads\/2025\/05\/IMG_0497-300x225.jpg 300w, https:\/\/singout.brussels\/wp-content\/uploads\/2025\/05\/IMG_0497-768x576.jpg 768w, https:\/\/singout.brussels\/wp-content\/uploads\/2025\/05\/IMG_0497-1536x1152.jpg 1536w, https:\/\/singout.brussels\/wp-content\/uploads\/2025\/05\/IMG_0497-2048x1536.jpg 2048w, https:\/\/singout.brussels\/wp-content\/uploads\/2025\/05\/IMG_0497-1568x1176.jpg 1568w\" sizes=\"auto, (max-width: 1024px) 100vw, 1024px\" \/><\/figure><div class=\"wp-block-media-text__content\">\n<h3 class=\"wp-block-heading\"><strong><strong>Nous sommes d\u00e9vou\u00e9.es (v\u00e9ritable euph\u00e9misme!)<\/strong><\/strong><\/h3>\n\n\n\n<p>Avec notre double casquette de chanteureuses et de b\u00e9n\u00e9voles, nous nous investissons dans toutes nos (inter)actions.<\/p>\n<\/div><\/div>\n\n\n\n<div class=\"wp-block-media-text alignwide has-media-on-the-right is-stacked-on-mobile is-style-default\"><div class=\"wp-block-media-text__content\">\n<h3 class=\"wp-block-heading\"><strong><strong>Nous osons PRENDRE POSITION !<\/strong><\/strong><\/h3>\n\n\n\n<p>Sensibilisation et entraide sont des mots-cl\u00e9s de nos objectifs. Nous faisons preuve d\u2019audace quand il s\u2019agit d\u2019agir et de nous exprimer en faveur de la libert\u00e9, de l\u2019ind\u00e9pendance et de la solidarit\u00e9.<\/p>\n<\/div><figure class=\"wp-block-media-text__media\"><img loading=\"lazy\" decoding=\"async\" width=\"1024\" height=\"683\" src=\"https:\/\/singout.brussels\/wp-content\/uploads\/2025\/05\/G__0473-1-1024x683.jpg\" alt=\"\" class=\"wp-image-6564 size-full\" srcset=\"https:\/\/singout.brussels\/wp-content\/uploads\/2025\/05\/G__0473-1-1024x683.jpg 1024w, https:\/\/singout.brussels\/wp-content\/uploads\/2025\/05\/G__0473-1-300x200.jpg 300w, https:\/\/singout.brussels\/wp-content\/uploads\/2025\/05\/G__0473-1-768x512.jpg 768w, https:\/\/singout.brussels\/wp-content\/uploads\/2025\/05\/G__0473-1-1536x1024.jpg 1536w, https:\/\/singout.brussels\/wp-content\/uploads\/2025\/05\/G__0473-1-2048x1365.jpg 2048w, https:\/\/singout.brussels\/wp-content\/uploads\/2025\/05\/G__0473-1-1568x1045.jpg 1568w\" sizes=\"auto, (max-width: 1024px) 100vw, 1024px\" \/><\/figure><\/div>\n\n\n\n<div class=\"wp-block-media-text alignwide is-stacked-on-mobile is-style-default\"><figure class=\"wp-block-media-text__media\"><img loading=\"lazy\" decoding=\"async\" width=\"1024\" height=\"683\" src=\"https:\/\/singout.brussels\/wp-content\/uploads\/2025\/05\/TBK_3550-Enhanced-NR-1024x683.jpg\" alt=\"\" class=\"wp-image-6567 size-full\" srcset=\"https:\/\/singout.brussels\/wp-content\/uploads\/2025\/05\/TBK_3550-Enhanced-NR-1024x683.jpg 1024w, https:\/\/singout.brussels\/wp-content\/uploads\/2025\/05\/TBK_3550-Enhanced-NR-300x200.jpg 300w, https:\/\/singout.brussels\/wp-content\/uploads\/2025\/05\/TBK_3550-Enhanced-NR-768x512.jpg 768w, https:\/\/singout.brussels\/wp-content\/uploads\/2025\/05\/TBK_3550-Enhanced-NR-1536x1024.jpg 1536w, https:\/\/singout.brussels\/wp-content\/uploads\/2025\/05\/TBK_3550-Enhanced-NR-1568x1045.jpg 1568w, https:\/\/singout.brussels\/wp-content\/uploads\/2025\/05\/TBK_3550-Enhanced-NR.jpg 1920w\" sizes=\"auto, (max-width: 1024px) 100vw, 1024px\" \/><\/figure><div class=\"wp-block-media-text__content\">\n<h3 class=\"wp-block-heading\"><strong><strong>Nous pr\u00f4nons <\/strong><\/strong><br><strong><strong>le R.E.S.P.E.C.T.<\/strong><\/strong><\/h3>\n\n\n\n<p>En tant que choeur LGBTQI+, nous int\u00e9grons la notion de respect ainsi que toutes les valeurs qui en d\u00e9coulent : le respect de soi, la fiert\u00e9 d\u2019\u00eatre soi, la bienveillance et la transparence ainsi que le respect du fait d\u2019\u00eatre diff\u00e9rent.e (queer).<\/p>\n<\/div><\/div>\n\n\n\n<div class=\"wp-block-media-text alignwide has-media-on-the-right is-stacked-on-mobile is-style-default\"><div class=\"wp-block-media-text__content\">\n<h3 class=\"wp-block-heading\"><strong><strong>Nous veillons \u00e0 n(v)otre ouverture d\u2019esprit<\/strong><\/strong><\/h3>\n\n\n\n<p>Nous tenons \u00e0 garder une large ouverture d\u2019esprit et une \u00e9coute libre de tout pr\u00e9jug\u00e9, invitant les autres \u00e0 agir de m\u00eame. La cr\u00e9ativit\u00e9, le mode de fonctionnement participatif et le caract\u00e8re international de notre choeur refl\u00e8tent notre fa\u00e7on de penser.<\/p>\n<\/div><figure class=\"wp-block-media-text__media\"><img decoding=\"async\" src=\"https:\/\/singout.brussels\/wp-content\/uploads\/2025\/05\/IMG_7523-1024x768.jpeg\" alt=\"\" class=\"wp-image-6570 size-full\"\/><\/figure><\/div>\n\n\n\n<div class=\"wp-block-media-text alignwide is-stacked-on-mobile is-style-default\"><figure class=\"wp-block-media-text__media\"><img loading=\"lazy\" decoding=\"async\" width=\"1024\" height=\"575\" src=\"https:\/\/singout.brussels\/wp-content\/uploads\/2025\/05\/TBK_6737-e1751113196600-1024x575.jpg\" alt=\"\" class=\"wp-image-6573 size-full\" srcset=\"https:\/\/singout.brussels\/wp-content\/uploads\/2025\/05\/TBK_6737-e1751113196600-1024x575.jpg 1024w, https:\/\/singout.brussels\/wp-content\/uploads\/2025\/05\/TBK_6737-e1751113196600-300x169.jpg 300w, https:\/\/singout.brussels\/wp-content\/uploads\/2025\/05\/TBK_6737-e1751113196600-768x432.jpg 768w, https:\/\/singout.brussels\/wp-content\/uploads\/2025\/05\/TBK_6737-e1751113196600-1536x863.jpg 1536w, https:\/\/singout.brussels\/wp-content\/uploads\/2025\/05\/TBK_6737-e1751113196600-1568x881.jpg 1568w, https:\/\/singout.brussels\/wp-content\/uploads\/2025\/05\/TBK_6737-e1751113196600.jpg 1920w\" sizes=\"auto, (max-width: 1024px) 100vw, 1024px\" \/><\/figure><div class=\"wp-block-media-text__content\">\n<h3 class=\"wp-block-heading\"><strong><strong>Nou<\/strong>s <strong>nous \u00e9panouissons au sein d\u2019une communaut\u00e9<\/strong><\/strong><\/h3>\n\n\n\n<p>Nous agissons et \u00e9voluons au coeur d\u2019une communaut\u00e9, d\u2019un groupe, tentant de trouver un juste \u00e9quilibre entre respect et participation des membres d\u2019un c\u00f4t\u00e9 et responsabilit\u00e9 envers la communaut\u00e9 de l\u2019autre.<\/p>\n<\/div><\/div>\n\n\n\n<h2 class=\"has-text-align-center wp-block-heading\">Vous partagez nos valeurs ?<\/h2>\n\n\n\n<div class=\"wp-block-buttons is-horizontal is-content-justification-center is-layout-flex wp-container-core-buttons-is-layout-499968f5 wp-block-buttons-is-layout-flex\">\n<div class=\"wp-block-button\"><a class=\"wp-block-button__link has-text-color wp-element-button\" href=\"https:\/\/singout.brussels\/nous-rejoindre\/?lang=fr\" style=\"color:#781794\">REJOIGNEZ-NOUS !<\/a><\/div>\n<\/div>\n\n\n\n<div style=\"height:40px\" aria-hidden=\"true\" class=\"wp-block-spacer\"><\/div>\n\n\n\n<hr class=\"wp-block-separator has-text-color has-white-color has-css-opacity has-white-background-color has-background\"\/>\n\n\n\n<div class=\"wp-block-group alignfull\"><div class=\"wp-block-group__inner-container is-layout-flow wp-block-group-is-layout-flow\">\n<h1 class=\"has-text-align-center wp-block-heading\">NOTRE CHEFFE DE COEUR<\/h1>\n\n\n\n<p class=\"has-text-align-center\">Chanteuse de jazz et compositrice dans l\u2019\u00e2me, Emily Allison dirige Sing Out Brussels!<\/p>\n<\/div><\/div>\n\n\n\n<div class=\"wp-block-group alignfull\"><div class=\"wp-block-group__inner-container is-layout-flow wp-block-group-is-layout-flow\"><div class=\"wp-block-image is-style-rounded\">\n<figure class=\"aligncenter size-large\"><img loading=\"lazy\" decoding=\"async\" width=\"1024\" height=\"683\" src=\"https:\/\/singout.brussels\/wp-content\/uploads\/2025\/05\/TBK_4904-Enhanced-NR-1024x683.jpg\" alt=\"\" class=\"wp-image-6579\" srcset=\"https:\/\/singout.brussels\/wp-content\/uploads\/2025\/05\/TBK_4904-Enhanced-NR-1024x683.jpg 1024w, https:\/\/singout.brussels\/wp-content\/uploads\/2025\/05\/TBK_4904-Enhanced-NR-300x200.jpg 300w, https:\/\/singout.brussels\/wp-content\/uploads\/2025\/05\/TBK_4904-Enhanced-NR-768x512.jpg 768w, https:\/\/singout.brussels\/wp-content\/uploads\/2025\/05\/TBK_4904-Enhanced-NR-1536x1024.jpg 1536w, https:\/\/singout.brussels\/wp-content\/uploads\/2025\/05\/TBK_4904-Enhanced-NR-1568x1045.jpg 1568w, https:\/\/singout.brussels\/wp-content\/uploads\/2025\/05\/TBK_4904-Enhanced-NR.jpg 1920w\" sizes=\"auto, (max-width: 1024px) 100vw, 1024px\" \/><\/figure>\n<\/div><\/div><\/div>\n\n\n\n<p>Elle s\u2019est install\u00e9e \u00e0 Bruxelles en 2009 afin d\u2019\u00e9tudier au Conservatoire Royal apr\u00e8s avoir fait des \u00e9tudes de Jazz \u00e0 l\u2019Ecole Nationale de Musique \u00e0 Villeurbanne. Elle a fait partie de plusieurs ensembles \u00e0 Lyon; elle a \u00e9t\u00e9 laur\u00e9ate du concours des \u00ab Jeunes Talents \u00bb du Brussels Jazz Marathon avec son quintette LIFT et elle est \u00e0 la t\u00eate de son propre groupe.<\/p>\n\n\n\n<p><a href=\"https:\/\/www.allisonemily.com\/\" target=\"_blank\" rel=\"noreferrer noopener\">Emily<\/a> co-cr\u00e9e les groupes LIFT (album en 2014), Songs of Old (album en 2020), Treehouse Days (album en 2025) et a chant\u00e9 dans le groupe vocal parisien EXEKO. Elle dirige Sing Out Brussels depuis sa cr\u00e9ation. <\/p>\n\n\n\n<figure class=\"wp-block-embed is-type-video is-provider-youtube wp-block-embed-youtube wp-embed-aspect-16-9 wp-has-aspect-ratio\"><div class=\"wp-block-embed__wrapper\">\n<iframe loading=\"lazy\" title=\"Treehouse Days Presentation (EPK) - Emily Allison &amp; Boris Schmidt\" width=\"1000\" height=\"563\" src=\"https:\/\/www.youtube.com\/embed\/KR3urplhAzY?feature=oembed\" frameborder=\"0\" allow=\"accelerometer; autoplay; clipboard-write; encrypted-media; gyroscope; picture-in-picture; web-share\" referrerpolicy=\"strict-origin-when-cross-origin\" allowfullscreen><\/iframe>\n<\/div><\/figure>\n\n\n\n<div style=\"height:40px\" aria-hidden=\"true\" class=\"wp-block-spacer\"><\/div>\n\n\n\n<hr class=\"wp-block-separator has-text-color has-white-color has-css-opacity has-white-background-color has-background\"\/>\n\n\n\n<h1 class=\"has-text-align-center wp-block-heading\">EN SAVOIR PLUS<\/h1>\n\n\n\n<div class=\"wp-block-columns is-layout-flex wp-container-core-columns-is-layout-9d6595d7 wp-block-columns-is-layout-flex\">\n<div class=\"wp-block-column is-layout-flow wp-block-column-is-layout-flow\">\n<h2 class=\"wp-block-heading\"><meta charset=\"utf-8\">Statuts<\/h2>\n\n\n\n<p><a href=\"https:\/\/singout.brussels\/wp-content\/uploads\/2021\/10\/Statuts-FR-2020.pdf\" target=\"_blank\" rel=\"noreferrer noopener\">T\u00e9l\u00e9charger<\/a><\/p>\n<\/div>\n\n\n\n<div class=\"wp-block-column is-layout-flow wp-block-column-is-layout-flow\">\n<h2 class=\"wp-block-heading\"><meta charset=\"utf-8\">R\u00e8gles<\/h2>\n\n\n\n<p><a href=\"https:\/\/singout.brussels\/wp-content\/uploads\/2021\/10\/ROI-Sing-Out-Brussels-FR.pdf\" target=\"_blank\" rel=\"noreferrer noopener\">T\u00e9l\u00e9charger<\/a><\/p>\n<\/div>\n\n\n\n<div class=\"wp-block-column is-layout-flow wp-block-column-is-layout-flow\">\n<h2 class=\"wp-block-heading\"><meta charset=\"utf-8\">Rapport d&rsquo;activit\u00e9<\/h2>\n\n\n\n<p><a href=\"https:\/\/singout.brussels\/wp-content\/uploads\/2024\/09\/FR-Rapport-dactivites-Saison-6.pdf\">2023-2024<\/a><\/p>\n\n\n\n<p><a href=\"https:\/\/singout.brussels\/wp-content\/uploads\/2023\/09\/Rapport-dactivites-Saison-5-FR.pdf\" target=\"_blank\" rel=\"noreferrer noopener\">2022-2023<\/a><\/p>\n\n\n\n<p><a href=\"https:\/\/singout.brussels\/wp-content\/uploads\/2022\/10\/2a-Rapport-dactivites-Saison-4-FR.pdf\" target=\"_blank\" rel=\"noreferrer noopener\">2021-2022<\/a><\/p>\n\n\n\n<p><a href=\"https:\/\/singout.brussels\/wp-content\/uploads\/2021\/10\/Rapport_Activites_2020-2021.pdf\" target=\"_blank\" rel=\"noreferrer noopener\">2020-2021<\/a><\/p>\n\n\n\n<p><a rel=\"noreferrer noopener\" href=\"https:\/\/singout.brussels\/wp-content\/uploads\/2021\/10\/Rapport_Activites_2019-2020.pdf\" target=\"_blank\">2019-2020<\/a><\/p>\n\n\n\n<p><a rel=\"noreferrer noopener\" href=\"https:\/\/singout.brussels\/wp-content\/uploads\/2021\/10\/Rapport_Activites_2018-2019.pdf\" target=\"_blank\">2018-2019<br><\/a><a rel=\"noreferrer noopener\" href=\"https:\/\/singout.brussels\/wp-content\/uploads\/2021\/10\/Rapport_Activites_2019-2020.pdf\" data-type=\"URL\" target=\"_blank\"><br><\/a><\/p>\n<\/div>\n<\/div>\n<\/div><\/div>\n\n\n\n<div class=\"wp-block-group alignfull sob-center has-background\" style=\"background-color:#781794\"><div class=\"wp-block-group__inner-container is-layout-flow wp-block-group-is-layout-flow\"><div class=\"wp-block-image\">\n<figure class=\"aligncenter size-large is-resized\"><img loading=\"lazy\" decoding=\"async\" src=\"https:\/\/singout.brussels\/wp-content\/uploads\/2021\/10\/SINGOUT_LOGO2_RGB_OK1-White-1024x768.png\" alt=\"Sing Out Logo White\" class=\"wp-image-461\" width=\"512\" height=\"384\" srcset=\"https:\/\/singout.brussels\/wp-content\/uploads\/2021\/10\/SINGOUT_LOGO2_RGB_OK1-White-1024x768.png 1024w, https:\/\/singout.brussels\/wp-content\/uploads\/2021\/10\/SINGOUT_LOGO2_RGB_OK1-White-300x225.png 300w, https:\/\/singout.brussels\/wp-content\/uploads\/2021\/10\/SINGOUT_LOGO2_RGB_OK1-White-768x576.png 768w, https:\/\/singout.brussels\/wp-content\/uploads\/2021\/10\/SINGOUT_LOGO2_RGB_OK1-White-1536x1152.png 1536w, https:\/\/singout.brussels\/wp-content\/uploads\/2021\/10\/SINGOUT_LOGO2_RGB_OK1-White-2048x1536.png 2048w, https:\/\/singout.brussels\/wp-content\/uploads\/2021\/10\/SINGOUT_LOGO2_RGB_OK1-White-1568x1176.png 1568w\" sizes=\"auto, (max-width: 512px) 100vw, 512px\" \/><\/figure>\n<\/div>\n\n\n<h2 class=\"has-text-align-center has-white-color has-text-color wp-block-heading\">Abonne-toi \u00e0 notre newsletter <\/h2>\n\n\n<script>(function() {\n\twindow.mc4wp = window.mc4wp || {\n\t\tlisteners: [],\n\t\tforms: {\n\t\t\ton: function(evt, cb) {\n\t\t\t\twindow.mc4wp.listeners.push(\n\t\t\t\t\t{\n\t\t\t\t\t\tevent   : evt,\n\t\t\t\t\t\tcallback: cb\n\t\t\t\t\t}\n\t\t\t\t);\n\t\t\t}\n\t\t}\n\t}\n})();\n<\/script><!-- Mailchimp for WordPress v4.11.1 - https:\/\/wordpress.org\/plugins\/mailchimp-for-wp\/ --><form id=\"mc4wp-form-1\" class=\"mc4wp-form mc4wp-form-580\" method=\"post\" data-id=\"580\" data-name=\"Subscribe to our mailing list !\" ><div class=\"mc4wp-form-fields\"><input type=\"email\" name=\"EMAIL\" placeholder=\"Your email address\" required \/>\r\n<input type=\"submit\" value=\"Sign up\" \/><\/div><label style=\"display: none !important;\">Laissez ce champ vide si vous \u00eates humain\u00a0: <input type=\"text\" name=\"_mc4wp_honeypot\" value=\"\" tabindex=\"-1\" autocomplete=\"off\" \/><\/label><input type=\"hidden\" name=\"_mc4wp_timestamp\" value=\"1777453187\" \/><input type=\"hidden\" name=\"_mc4wp_form_id\" value=\"580\" \/><input type=\"hidden\" name=\"_mc4wp_form_element_id\" value=\"mc4wp-form-1\" \/><div class=\"mc4wp-response\"><\/div><\/form><!-- \/ Mailchimp for WordPress Plugin -->\n<\/div><\/div>\n","protected":false},"excerpt":{"rendered":"<p>QUI SOMMES-NOUS En nous r\u00e9unissant autour du chant et du spectacle, nous cherchons \u00e0 \u00e9mouvoir, \u00e0 cr\u00e9er une communaut\u00e9 et \u00e0 contribuer \u00e0 changer la soci\u00e9t\u00e9. D\u00e9couvrez notre plan strat\u00e9gique 2022-2026 (r\u00e9sum\u00e9) La musique justifie notre pr\u00e9sence et nous fait vibrer! Nous misons sur la qualit\u00e9 que nous exprimons par la recherche d\u2019une grande musicalit\u00e9.&hellip; <a class=\"more-link\" href=\"https:\/\/singout.brussels\/fr\/qui-sommes-nous\/\">Poursuivre la lecture <span class=\"screen-reader-text\">Qui sommes-nous<\/span><\/a><\/p>\n","protected":false},"author":1,"featured_media":0,"parent":0,"menu_order":0,"comment_status":"closed","ping_status":"closed","template":"tw-header-transparent.php","meta":{"footnotes":""},"class_list":["post-657","page","type-page","status-publish","hentry","entry"],"yoast_head":"<!-- This site is optimized with the Yoast SEO plugin v19.14 - https:\/\/yoast.com\/wordpress\/plugins\/seo\/ -->\n<title>Qui sommes-nous - Sing Out Brussels!<\/title>\n<meta name=\"robots\" content=\"index, follow, max-snippet:-1, max-image-preview:large, max-video-preview:-1\" \/>\n<link rel=\"canonical\" href=\"https:\/\/singout.brussels\/fr\/qui-sommes-nous\/\" \/>\n<meta property=\"og:locale\" content=\"fr_FR\" \/>\n<meta property=\"og:type\" content=\"article\" \/>\n<meta property=\"og:title\" content=\"Qui sommes-nous - Sing Out Brussels!\" \/>\n<meta property=\"og:description\" content=\"QUI SOMMES-NOUS En nous r\u00e9unissant autour du chant et du spectacle, nous cherchons \u00e0 \u00e9mouvoir, \u00e0 cr\u00e9er une communaut\u00e9 et \u00e0 contribuer \u00e0 changer la soci\u00e9t\u00e9. D\u00e9couvrez notre plan strat\u00e9gique 2022-2026 (r\u00e9sum\u00e9) La musique justifie notre pr\u00e9sence et nous fait vibrer! Nous misons sur la qualit\u00e9 que nous exprimons par la recherche d\u2019une grande musicalit\u00e9.&hellip; Poursuivre la lecture Qui sommes-nous\" \/>\n<meta property=\"og:url\" content=\"https:\/\/singout.brussels\/fr\/qui-sommes-nous\/\" \/>\n<meta property=\"og:site_name\" content=\"Sing Out Brussels!\" \/>\n<meta property=\"article:modified_time\" content=\"2025-11-11T10:35:30+00:00\" \/>\n<meta property=\"og:image\" content=\"https:\/\/singout.brussels\/wp-content\/uploads\/2025\/05\/TBK_3101-1024x683.jpg\" \/>\n<meta name=\"twitter:card\" content=\"summary_large_image\" \/>\n<meta name=\"twitter:label1\" content=\"Dur\u00e9e de lecture estim\u00e9e\" \/>\n\t<meta name=\"twitter:data1\" content=\"4 minutes\" \/>\n<script type=\"application\/ld+json\" class=\"yoast-schema-graph\">{\"@context\":\"https:\/\/schema.org\",\"@graph\":[{\"@type\":\"WebPage\",\"@id\":\"https:\/\/singout.brussels\/fr\/qui-sommes-nous\/\",\"url\":\"https:\/\/singout.brussels\/fr\/qui-sommes-nous\/\",\"name\":\"Qui sommes-nous - Sing Out Brussels!\",\"isPartOf\":{\"@id\":\"https:\/\/singout.brussels\/#website\"},\"datePublished\":\"2021-10-24T15:28:15+00:00\",\"dateModified\":\"2025-11-11T10:35:30+00:00\",\"breadcrumb\":{\"@id\":\"https:\/\/singout.brussels\/fr\/qui-sommes-nous\/#breadcrumb\"},\"inLanguage\":\"fr-FR\",\"potentialAction\":[{\"@type\":\"ReadAction\",\"target\":[\"https:\/\/singout.brussels\/fr\/qui-sommes-nous\/\"]}]},{\"@type\":\"BreadcrumbList\",\"@id\":\"https:\/\/singout.brussels\/fr\/qui-sommes-nous\/#breadcrumb\",\"itemListElement\":[{\"@type\":\"ListItem\",\"position\":1,\"name\":\"Home\",\"item\":\"https:\/\/singout.brussels\/fr\/\"},{\"@type\":\"ListItem\",\"position\":2,\"name\":\"Qui sommes-nous\"}]},{\"@type\":\"WebSite\",\"@id\":\"https:\/\/singout.brussels\/#website\",\"url\":\"https:\/\/singout.brussels\/\",\"name\":\"Sing Out Brussels!\",\"description\":\"The Fabulous Queer Choir of Brussels\",\"publisher\":{\"@id\":\"https:\/\/singout.brussels\/#organization\"},\"potentialAction\":[{\"@type\":\"SearchAction\",\"target\":{\"@type\":\"EntryPoint\",\"urlTemplate\":\"https:\/\/singout.brussels\/?s={search_term_string}\"},\"query-input\":\"required name=search_term_string\"}],\"inLanguage\":\"fr-FR\"},{\"@type\":\"Organization\",\"@id\":\"https:\/\/singout.brussels\/#organization\",\"name\":\"Sing Out Brussels!\",\"url\":\"https:\/\/singout.brussels\/\",\"logo\":{\"@type\":\"ImageObject\",\"inLanguage\":\"fr-FR\",\"@id\":\"https:\/\/singout.brussels\/#\/schema\/logo\/image\/\",\"url\":\"https:\/\/singout.brussels\/wp-content\/uploads\/2021\/10\/logo-32-32.png\",\"contentUrl\":\"https:\/\/singout.brussels\/wp-content\/uploads\/2021\/10\/logo-32-32.png\",\"width\":3286,\"height\":717,\"caption\":\"Sing Out Brussels!\"},\"image\":{\"@id\":\"https:\/\/singout.brussels\/#\/schema\/logo\/image\/\"}}]}<\/script>\n<!-- \/ Yoast SEO plugin. -->","yoast_head_json":{"title":"Qui sommes-nous - Sing Out Brussels!","robots":{"index":"index","follow":"follow","max-snippet":"max-snippet:-1","max-image-preview":"max-image-preview:large","max-video-preview":"max-video-preview:-1"},"canonical":"https:\/\/singout.brussels\/fr\/qui-sommes-nous\/","og_locale":"fr_FR","og_type":"article","og_title":"Qui sommes-nous - Sing Out Brussels!","og_description":"QUI SOMMES-NOUS En nous r\u00e9unissant autour du chant et du spectacle, nous cherchons \u00e0 \u00e9mouvoir, \u00e0 cr\u00e9er une communaut\u00e9 et \u00e0 contribuer \u00e0 changer la soci\u00e9t\u00e9. D\u00e9couvrez notre plan strat\u00e9gique 2022-2026 (r\u00e9sum\u00e9) La musique justifie notre pr\u00e9sence et nous fait vibrer! Nous misons sur la qualit\u00e9 que nous exprimons par la recherche d\u2019une grande musicalit\u00e9.&hellip; Poursuivre la lecture Qui sommes-nous","og_url":"https:\/\/singout.brussels\/fr\/qui-sommes-nous\/","og_site_name":"Sing Out Brussels!","article_modified_time":"2025-11-11T10:35:30+00:00","og_image":[{"url":"https:\/\/singout.brussels\/wp-content\/uploads\/2025\/05\/TBK_3101-1024x683.jpg"}],"twitter_card":"summary_large_image","twitter_misc":{"Dur\u00e9e de lecture estim\u00e9e":"4 minutes"},"schema":{"@context":"https:\/\/schema.org","@graph":[{"@type":"WebPage","@id":"https:\/\/singout.brussels\/fr\/qui-sommes-nous\/","url":"https:\/\/singout.brussels\/fr\/qui-sommes-nous\/","name":"Qui sommes-nous - Sing Out Brussels!","isPartOf":{"@id":"https:\/\/singout.brussels\/#website"},"datePublished":"2021-10-24T15:28:15+00:00","dateModified":"2025-11-11T10:35:30+00:00","breadcrumb":{"@id":"https:\/\/singout.brussels\/fr\/qui-sommes-nous\/#breadcrumb"},"inLanguage":"fr-FR","potentialAction":[{"@type":"ReadAction","target":["https:\/\/singout.brussels\/fr\/qui-sommes-nous\/"]}]},{"@type":"BreadcrumbList","@id":"https:\/\/singout.brussels\/fr\/qui-sommes-nous\/#breadcrumb","itemListElement":[{"@type":"ListItem","position":1,"name":"Home","item":"https:\/\/singout.brussels\/fr\/"},{"@type":"ListItem","position":2,"name":"Qui sommes-nous"}]},{"@type":"WebSite","@id":"https:\/\/singout.brussels\/#website","url":"https:\/\/singout.brussels\/","name":"Sing Out Brussels!","description":"The Fabulous Queer Choir of Brussels","publisher":{"@id":"https:\/\/singout.brussels\/#organization"},"potentialAction":[{"@type":"SearchAction","target":{"@type":"EntryPoint","urlTemplate":"https:\/\/singout.brussels\/?s={search_term_string}"},"query-input":"required name=search_term_string"}],"inLanguage":"fr-FR"},{"@type":"Organization","@id":"https:\/\/singout.brussels\/#organization","name":"Sing Out Brussels!","url":"https:\/\/singout.brussels\/","logo":{"@type":"ImageObject","inLanguage":"fr-FR","@id":"https:\/\/singout.brussels\/#\/schema\/logo\/image\/","url":"https:\/\/singout.brussels\/wp-content\/uploads\/2021\/10\/logo-32-32.png","contentUrl":"https:\/\/singout.brussels\/wp-content\/uploads\/2021\/10\/logo-32-32.png","width":3286,"height":717,"caption":"Sing Out Brussels!"},"image":{"@id":"https:\/\/singout.brussels\/#\/schema\/logo\/image\/"}}]}},"_links":{"self":[{"href":"https:\/\/singout.brussels\/fr\/wp-json\/wp\/v2\/pages\/657","targetHints":{"allow":["GET"]}}],"collection":[{"href":"https:\/\/singout.brussels\/fr\/wp-json\/wp\/v2\/pages"}],"about":[{"href":"https:\/\/singout.brussels\/fr\/wp-json\/wp\/v2\/types\/page"}],"author":[{"embeddable":true,"href":"https:\/\/singout.brussels\/fr\/wp-json\/wp\/v2\/users\/1"}],"replies":[{"embeddable":true,"href":"https:\/\/singout.brussels\/fr\/wp-json\/wp\/v2\/comments?post=657"}],"version-history":[{"count":28,"href":"https:\/\/singout.brussels\/fr\/wp-json\/wp\/v2\/pages\/657\/revisions"}],"predecessor-version":[{"id":7292,"href":"https:\/\/singout.brussels\/fr\/wp-json\/wp\/v2\/pages\/657\/revisions\/7292"}],"wp:attachment":[{"href":"https:\/\/singout.brussels\/fr\/wp-json\/wp\/v2\/media?parent=657"}],"curies":[{"name":"wp","href":"https:\/\/api.w.org\/{rel}","templated":true}]}}